{"id":17656,"date":"2025-07-28T13:13:19","date_gmt":"2025-07-28T11:13:19","guid":{"rendered":"https:\/\/proyector.info\/profile\/angelo-ferreira-de-sousa\/"},"modified":"2025-12-01T12:21:27","modified_gmt":"2025-12-01T11:21:27","slug":"angelo-ferreira-de-sousa","status":"publish","type":"person","link":"https:\/\/proyector.info\/en\/profile\/angelo-ferreira-de-sousa\/","title":{"rendered":"Angelo Ferreira de Sousa"},"content":{"rendered":"\n<p class=\"wp-block-paragraph\">Angelo was born in Porto, Lisbon, in 1975.<\/p>\n\n\n\n<p class=\"wp-block-paragraph\">Lives and works between Paris, Barcelona and Porto.<\/p>\n\n\n\n<p class=\"wp-block-paragraph\">He studied Fine Arts at the University of Porto (1993-1999) and was a founding member of Caldeira 213, a space run by artists (1999-2002). For several years he was also resident artist at Hangar \u2013 Center for Visual Arts and Multimedia Productions of Barcelona (2001-2003) \/ Artist resident in Triangle (Grant Hangar-Ast\u00e8rides + Triangle France) \u2013 Marseille, France (2003) \/ Artist resident at Duende studios (Grant Hangar-Duende) \u2013 Rotterdam, Netherlands (2004\/2005) \/ Resident artist at The Window \u2013 Paris, France (2013) \/ Fellow of the Generalitat de Catalunya for the development of \u00abSchengen sin efforts\u00bb<\/p>\n\n\n\n<p class=\"wp-block-paragraph\">He currently works as a literary translator for various publishers in Portugal and is a member of the Artistas Unidos theater company (Lisbon).<\/p>\n\n\n\n<p class=\"wp-block-paragraph\"><strong>Solo Exhibitions:&nbsp;Encore \/ Orange<\/strong>&nbsp;\u2013 ON OFF Studio, Paris, 2019;&nbsp;<strong>What is to be done?<\/strong>&nbsp;\u2013 Seismograph, Porto, 2016-17;&nbsp;<strong>Orange<\/strong>&nbsp;\u2013 Rosalux, Berlin, 2016; Found Library \u2013&nbsp;<strong>The Window<\/strong>, Paris, 2013;&nbsp;<strong>Squamata<\/strong>&nbsp;\u2013 Central Bank, Rio de Janeiro, 2012;&nbsp;<strong>Walhalla<\/strong>&nbsp;\u2013 performance \u2013 Berlin and Kassel, 2012;&nbsp;<strong>Pra\u00e7a do Anjo I to VII<\/strong>, with Carla Cruz \u2013 Oporto, 2007-18;&nbsp;<strong>Public Library<\/strong>&nbsp;\u2013 EspaiDos, Terrassa, 2010;&nbsp;<strong>Fox Power 800<\/strong>&nbsp;\u2013 MEWS, London, 2010;&nbsp;<strong>Library<\/strong>&nbsp;\u2013 Plumba art gallery, Porto, 2008;&nbsp;<strong>Passage des Panoramas<\/strong>&nbsp;\u2013 Lacosa, Barcelona, 2007<strong>; Intelligence Services<\/strong>&nbsp;\u2013 Milan, 2005;&nbsp;<strong>70X7<\/strong>&nbsp;\u2013 performance \u2013 Vostell Museum, C\u00e1ceres, 2005;&nbsp;<strong>Napoleon avait-il l\u2019accent corse?<\/strong>&nbsp;\u2013 RLBQ gallery, Marseilles, 2003;&nbsp;<strong>Digna-se estar presente<\/strong>&nbsp;\u2013 GL Box art gallery, Porto, 2002;&nbsp;<strong>Ainda has fronteiras?<\/strong>&nbsp;\u2013 Teixeira Lopes Museum, V.N. Gaia, Portugal, 1996<\/p>\n\n\n\n<p class=\"wp-block-paragraph\"><strong>Group Shows:&nbsp;Art in Motion<\/strong>&nbsp;\u2013 Macau, 2019 ;&nbsp;<strong>Reality Machines<\/strong>&nbsp;\u2013 CRASSH, University of Cambridge, 2018 ;&nbsp;<strong>J\u00e1 reparaste como o ponto de interroga\u00e7\u00e3o\u2026<\/strong>&nbsp;\u2013 J\u00falio Pomar Museum, Lisbon, 2016 ;&nbsp;<strong>Gram\u00e1ticas Flex\u00edveis<\/strong>&nbsp;\u2013 Casa das Artes, Oporto, 2015 ;&nbsp;<strong>Devido \u00e0 chuva a revolu\u00e7\u00e3o foi adiada<\/strong>&nbsp;\u2013 Plataforma Rev\u00f3lver, Lisbon, 2014 ;&nbsp;<strong>Proyector 13 and 17<\/strong>&nbsp;\u2013 Madrid, 2013\/17 ;&nbsp;<strong>A partir de ma\u00f1ana<\/strong>, todo \u2013 Centro de Cultura Digital \u2013 Mexico City, 2012 ;&nbsp;<strong>Dig-Dig<\/strong>&nbsp;\u2013 Plataforma Rev\u00f3lver, Lisbon, 2012 ;&nbsp;<strong>Problemas de tipo griego<\/strong>&nbsp;\u2013 Fundaci\u00f3n Bilbaoarte, Basc Country, 2012 ;&nbsp;<strong>AMIW<\/strong>&nbsp;\u2013 VBK\u00d6, Vienna, 2011 ;&nbsp;<strong>Biennal d\u2019Art Contemporain<\/strong>&nbsp;\u2013 Rennes, 2010 ;&nbsp;<strong>2nd Layer<\/strong>&nbsp;\u2013 Spike Island, Bristol, 2008 ;&nbsp;<strong>Crosstalk video art<\/strong>&nbsp;\u2013 Budapest, 2008 ;&nbsp;<strong>Espontani<\/strong>&nbsp;\u2013 Centre d\u2019Art de Santa M\u00f2nica, Barcelona, 2007 ;&nbsp;<strong>Pan-carta<\/strong>&nbsp;\u2013 Lugar a Dudas, Cali, Colombia, 2007 ;&nbsp;<strong>Busca-P\u00f3los<\/strong>&nbsp;\u2013 Guimar\u00e3es and Coimbra, 2006 ;&nbsp;<strong>Alrededor de todos juntos<\/strong>&nbsp;\u2013 ProjectSD art gallery, Barcelona, 2006 ;&nbsp;<strong>Arte_facto<\/strong>&nbsp;\u2013 Montevideo, Uruguay, 2005 ;&nbsp;<strong>Quartel<\/strong>&nbsp;\u2013 Oporto, 2004 ;&nbsp;<strong>Exploracions<\/strong>&nbsp;\u2013 Centre d\u2019Art La Capella, Barcelona, 2003 ;&nbsp;<strong>En sus trece<\/strong>&nbsp;\u2013 ADN art gallery, Barcelona, 2003 ;&nbsp;<strong>Solstitium<\/strong>&nbsp;\u2013 Villa Arson, Nice, 2003 ;&nbsp;<strong>Eastern<\/strong>&nbsp;\u2013 Zonafranca, Rio de Janeiro, Brazil, 2001 ;&nbsp;<strong>Arte P\u00fablico<\/strong>&nbsp;\u2013 Serralves Museum (Library), 2001 ;&nbsp;<strong>Vias de extin\u00e7\u00e3o<\/strong>&nbsp;\u2013 Water Museum, Lisbon, 2000<\/p>\n","protected":false},"excerpt":{"rendered":"<p>Angelo was born in Porto, Lisbon, in 1975. Lives and works between Paris, Barcelona and Porto. He studied Fine Arts<\/p>\n","protected":false},"author":2,"featured_media":11107,"template":"","meta":[],"person_cat":[98,430,216],"person_tag":[1049,619,622,1058,618,623],"class_list":["post-17656","person","type-person","status-publish","has-post-thumbnail","hentry","person_cat-artist","person_cat-fine-arts","person_cat-theater","person_tag-2013-es","person_tag-2017-es","person_tag-2017-en","person_tag-festival-2013-es","person_tag-festival-2017-es","person_tag-festival-2017-en"],"yoast_head":"<!-- This site is optimized with the Yoast SEO plugin v27.4 - https:\/\/yoast.com\/product\/yoast-seo-wordpress\/ -->\n<title>Angelo Ferreira de Sousa - PROYECTOR<\/title>\n<meta name=\"robots\" content=\"index, follow, max-snippet:-1, max-image-preview:large, max-video-preview:-1\" \/>\n<link rel=\"canonical\" href=\"https:\/\/proyector.info\/en\/profile\/angelo-ferreira-de-sousa\/\" \/>\n<meta property=\"og:locale\" content=\"en_US\" \/>\n<meta property=\"og:type\" content=\"article\" \/>\n<meta property=\"og:title\" content=\"Angelo Ferreira de Sousa - PROYECTOR\" \/>\n<meta property=\"og:description\" content=\"Angelo was born in Porto, Lisbon, in 1975. Lives and works between Paris, Barcelona and Porto. He studied Fine Arts\" \/>\n<meta property=\"og:url\" content=\"https:\/\/proyector.info\/en\/profile\/angelo-ferreira-de-sousa\/\" \/>\n<meta property=\"og:site_name\" content=\"PROYECTOR\" \/>\n<meta property=\"article:publisher\" content=\"https:\/\/www.facebook.com\/proyectorvideoartfestival\/\" \/>\n<meta property=\"article:modified_time\" content=\"2025-12-01T11:21:27+00:00\" \/>\n<meta property=\"og:image\" content=\"https:\/\/proyector.info\/wp-content\/uploads\/2025\/07\/angelo-ferreira-de-sousa-1024x576-1.jpg\" \/>\n\t<meta property=\"og:image:width\" content=\"1024\" \/>\n\t<meta property=\"og:image:height\" content=\"576\" \/>\n\t<meta property=\"og:image:type\" content=\"image\/jpeg\" \/>\n<meta name=\"twitter:card\" content=\"summary_large_image\" \/>\n<meta name=\"twitter:site\" content=\"@PROYECTOR_fest\" \/>\n<meta name=\"twitter:label1\" content=\"Est. reading time\" \/>\n\t<meta name=\"twitter:data1\" content=\"3 minutes\" \/>\n<script type=\"application\/ld+json\" class=\"yoast-schema-graph\">{\"@context\":\"https:\\\/\\\/schema.org\",\"@graph\":[{\"@type\":\"WebPage\",\"@id\":\"https:\\\/\\\/proyector.info\\\/en\\\/profile\\\/angelo-ferreira-de-sousa\\\/\",\"url\":\"https:\\\/\\\/proyector.info\\\/en\\\/profile\\\/angelo-ferreira-de-sousa\\\/\",\"name\":\"Angelo Ferreira de Sousa - PROYECTOR\",\"isPartOf\":{\"@id\":\"https:\\\/\\\/proyector.info\\\/en\\\/#website\"},\"primaryImageOfPage\":{\"@id\":\"https:\\\/\\\/proyector.info\\\/en\\\/profile\\\/angelo-ferreira-de-sousa\\\/#primaryimage\"},\"image\":{\"@id\":\"https:\\\/\\\/proyector.info\\\/en\\\/profile\\\/angelo-ferreira-de-sousa\\\/#primaryimage\"},\"thumbnailUrl\":\"https:\\\/\\\/proyector.info\\\/wp-content\\\/uploads\\\/2025\\\/07\\\/angelo-ferreira-de-sousa-1024x576-1.jpg\",\"datePublished\":\"2025-07-28T11:13:19+00:00\",\"dateModified\":\"2025-12-01T11:21:27+00:00\",\"breadcrumb\":{\"@id\":\"https:\\\/\\\/proyector.info\\\/en\\\/profile\\\/angelo-ferreira-de-sousa\\\/#breadcrumb\"},\"inLanguage\":\"en-US\",\"potentialAction\":[{\"@type\":\"ReadAction\",\"target\":[\"https:\\\/\\\/proyector.info\\\/en\\\/profile\\\/angelo-ferreira-de-sousa\\\/\"]}]},{\"@type\":\"ImageObject\",\"inLanguage\":\"en-US\",\"@id\":\"https:\\\/\\\/proyector.info\\\/en\\\/profile\\\/angelo-ferreira-de-sousa\\\/#primaryimage\",\"url\":\"https:\\\/\\\/proyector.info\\\/wp-content\\\/uploads\\\/2025\\\/07\\\/angelo-ferreira-de-sousa-1024x576-1.jpg\",\"contentUrl\":\"https:\\\/\\\/proyector.info\\\/wp-content\\\/uploads\\\/2025\\\/07\\\/angelo-ferreira-de-sousa-1024x576-1.jpg\",\"width\":1024,\"height\":576},{\"@type\":\"BreadcrumbList\",\"@id\":\"https:\\\/\\\/proyector.info\\\/en\\\/profile\\\/angelo-ferreira-de-sousa\\\/#breadcrumb\",\"itemListElement\":[{\"@type\":\"ListItem\",\"position\":1,\"name\":\"Portada\",\"item\":\"https:\\\/\\\/proyector.info\\\/en\\\/\"},{\"@type\":\"ListItem\",\"position\":2,\"name\":\"Profiles\",\"item\":\"https:\\\/\\\/proyector.info\\\/en\\\/profiles\\\/\"},{\"@type\":\"ListItem\",\"position\":3,\"name\":\"Angelo Ferreira de Sousa\"}]},{\"@type\":\"WebSite\",\"@id\":\"https:\\\/\\\/proyector.info\\\/en\\\/#website\",\"url\":\"https:\\\/\\\/proyector.info\\\/en\\\/\",\"name\":\"PROYECTOR\",\"description\":\"Plataforma de Imagen en Movimiento\",\"publisher\":{\"@id\":\"https:\\\/\\\/proyector.info\\\/en\\\/#organization\"},\"potentialAction\":[{\"@type\":\"SearchAction\",\"target\":{\"@type\":\"EntryPoint\",\"urlTemplate\":\"https:\\\/\\\/proyector.info\\\/en\\\/?s={search_term_string}\"},\"query-input\":{\"@type\":\"PropertyValueSpecification\",\"valueRequired\":true,\"valueName\":\"search_term_string\"}}],\"inLanguage\":\"en-US\"},{\"@type\":\"Organization\",\"@id\":\"https:\\\/\\\/proyector.info\\\/en\\\/#organization\",\"name\":\"PROYECTOR\",\"url\":\"https:\\\/\\\/proyector.info\\\/en\\\/\",\"logo\":{\"@type\":\"ImageObject\",\"inLanguage\":\"en-US\",\"@id\":\"https:\\\/\\\/proyector.info\\\/en\\\/#\\\/schema\\\/logo\\\/image\\\/\",\"url\":\"https:\\\/\\\/proyector.info\\\/wp-content\\\/uploads\\\/2025\\\/07\\\/cropped-proyector_icono.png\",\"contentUrl\":\"https:\\\/\\\/proyector.info\\\/wp-content\\\/uploads\\\/2025\\\/07\\\/cropped-proyector_icono.png\",\"width\":512,\"height\":512,\"caption\":\"PROYECTOR\"},\"image\":{\"@id\":\"https:\\\/\\\/proyector.info\\\/en\\\/#\\\/schema\\\/logo\\\/image\\\/\"},\"sameAs\":[\"https:\\\/\\\/www.facebook.com\\\/proyectorvideoartfestival\\\/\",\"https:\\\/\\\/x.com\\\/PROYECTOR_fest\",\"https:\\\/\\\/www.instagram.com\\\/proyector_videoartplatform\\\/\",\"https:\\\/\\\/www.tiktok.com\\\/@proyector_fest\",\"https:\\\/\\\/www.youtube.com\\\/user\\\/proyectorvideoart\",\"https:\\\/\\\/vimeo.com\\\/proyectorvideoart\",\"https:\\\/\\\/www.linkedin.com\\\/company\\\/proyector\\\/\"]}]}<\/script>\n<!-- \/ Yoast SEO plugin. -->","yoast_head_json":{"title":"Angelo Ferreira de Sousa - PROYECTOR","robots":{"index":"index","follow":"follow","max-snippet":"max-snippet:-1","max-image-preview":"max-image-preview:large","max-video-preview":"max-video-preview:-1"},"canonical":"https:\/\/proyector.info\/en\/profile\/angelo-ferreira-de-sousa\/","og_locale":"en_US","og_type":"article","og_title":"Angelo Ferreira de Sousa - PROYECTOR","og_description":"Angelo was born in Porto, Lisbon, in 1975. Lives and works between Paris, Barcelona and Porto. He studied Fine Arts","og_url":"https:\/\/proyector.info\/en\/profile\/angelo-ferreira-de-sousa\/","og_site_name":"PROYECTOR","article_publisher":"https:\/\/www.facebook.com\/proyectorvideoartfestival\/","article_modified_time":"2025-12-01T11:21:27+00:00","og_image":[{"width":1024,"height":576,"url":"https:\/\/proyector.info\/wp-content\/uploads\/2025\/07\/angelo-ferreira-de-sousa-1024x576-1.jpg","type":"image\/jpeg"}],"twitter_card":"summary_large_image","twitter_site":"@PROYECTOR_fest","twitter_misc":{"Est. reading time":"3 minutes"},"schema":{"@context":"https:\/\/schema.org","@graph":[{"@type":"WebPage","@id":"https:\/\/proyector.info\/en\/profile\/angelo-ferreira-de-sousa\/","url":"https:\/\/proyector.info\/en\/profile\/angelo-ferreira-de-sousa\/","name":"Angelo Ferreira de Sousa - PROYECTOR","isPartOf":{"@id":"https:\/\/proyector.info\/en\/#website"},"primaryImageOfPage":{"@id":"https:\/\/proyector.info\/en\/profile\/angelo-ferreira-de-sousa\/#primaryimage"},"image":{"@id":"https:\/\/proyector.info\/en\/profile\/angelo-ferreira-de-sousa\/#primaryimage"},"thumbnailUrl":"https:\/\/proyector.info\/wp-content\/uploads\/2025\/07\/angelo-ferreira-de-sousa-1024x576-1.jpg","datePublished":"2025-07-28T11:13:19+00:00","dateModified":"2025-12-01T11:21:27+00:00","breadcrumb":{"@id":"https:\/\/proyector.info\/en\/profile\/angelo-ferreira-de-sousa\/#breadcrumb"},"inLanguage":"en-US","potentialAction":[{"@type":"ReadAction","target":["https:\/\/proyector.info\/en\/profile\/angelo-ferreira-de-sousa\/"]}]},{"@type":"ImageObject","inLanguage":"en-US","@id":"https:\/\/proyector.info\/en\/profile\/angelo-ferreira-de-sousa\/#primaryimage","url":"https:\/\/proyector.info\/wp-content\/uploads\/2025\/07\/angelo-ferreira-de-sousa-1024x576-1.jpg","contentUrl":"https:\/\/proyector.info\/wp-content\/uploads\/2025\/07\/angelo-ferreira-de-sousa-1024x576-1.jpg","width":1024,"height":576},{"@type":"BreadcrumbList","@id":"https:\/\/proyector.info\/en\/profile\/angelo-ferreira-de-sousa\/#breadcrumb","itemListElement":[{"@type":"ListItem","position":1,"name":"Portada","item":"https:\/\/proyector.info\/en\/"},{"@type":"ListItem","position":2,"name":"Profiles","item":"https:\/\/proyector.info\/en\/profiles\/"},{"@type":"ListItem","position":3,"name":"Angelo Ferreira de Sousa"}]},{"@type":"WebSite","@id":"https:\/\/proyector.info\/en\/#website","url":"https:\/\/proyector.info\/en\/","name":"PROYECTOR","description":"Plataforma de Imagen en Movimiento","publisher":{"@id":"https:\/\/proyector.info\/en\/#organization"},"potentialAction":[{"@type":"SearchAction","target":{"@type":"EntryPoint","urlTemplate":"https:\/\/proyector.info\/en\/?s={search_term_string}"},"query-input":{"@type":"PropertyValueSpecification","valueRequired":true,"valueName":"search_term_string"}}],"inLanguage":"en-US"},{"@type":"Organization","@id":"https:\/\/proyector.info\/en\/#organization","name":"PROYECTOR","url":"https:\/\/proyector.info\/en\/","logo":{"@type":"ImageObject","inLanguage":"en-US","@id":"https:\/\/proyector.info\/en\/#\/schema\/logo\/image\/","url":"https:\/\/proyector.info\/wp-content\/uploads\/2025\/07\/cropped-proyector_icono.png","contentUrl":"https:\/\/proyector.info\/wp-content\/uploads\/2025\/07\/cropped-proyector_icono.png","width":512,"height":512,"caption":"PROYECTOR"},"image":{"@id":"https:\/\/proyector.info\/en\/#\/schema\/logo\/image\/"},"sameAs":["https:\/\/www.facebook.com\/proyectorvideoartfestival\/","https:\/\/x.com\/PROYECTOR_fest","https:\/\/www.instagram.com\/proyector_videoartplatform\/","https:\/\/www.tiktok.com\/@proyector_fest","https:\/\/www.youtube.com\/user\/proyectorvideoart","https:\/\/vimeo.com\/proyectorvideoart","https:\/\/www.linkedin.com\/company\/proyector\/"]}]}},"_links":{"self":[{"href":"https:\/\/proyector.info\/en\/wp-json\/wp\/v2\/person\/17656","targetHints":{"allow":["GET"]}}],"collection":[{"href":"https:\/\/proyector.info\/en\/wp-json\/wp\/v2\/person"}],"about":[{"href":"https:\/\/proyector.info\/en\/wp-json\/wp\/v2\/types\/person"}],"author":[{"embeddable":true,"href":"https:\/\/proyector.info\/en\/wp-json\/wp\/v2\/users\/2"}],"wp:featuredmedia":[{"embeddable":true,"href":"https:\/\/proyector.info\/en\/wp-json\/wp\/v2\/media\/11107"}],"wp:attachment":[{"href":"https:\/\/proyector.info\/en\/wp-json\/wp\/v2\/media?parent=17656"}],"wp:term":[{"taxonomy":"person_cat","embeddable":true,"href":"https:\/\/proyector.info\/en\/wp-json\/wp\/v2\/person_cat?post=17656"},{"taxonomy":"person_tag","embeddable":true,"href":"https:\/\/proyector.info\/en\/wp-json\/wp\/v2\/person_tag?post=17656"}],"curies":[{"name":"wp","href":"https:\/\/api.w.org\/{rel}","templated":true}]}}