{"id":14424,"date":"2025-09-10T18:31:14","date_gmt":"2025-09-10T16:31:14","guid":{"rendered":"https:\/\/proyector.info\/profile\/araceli-lopez\/"},"modified":"2025-09-10T18:32:25","modified_gmt":"2025-09-10T16:32:25","slug":"araceli-lopez","status":"publish","type":"person","link":"https:\/\/proyector.info\/en\/profile\/araceli-lopez\/","title":{"rendered":"Araceli L\u00f3pez"},"content":{"rendered":"\n<p class=\"wp-block-paragraph\">En el campo de las artes pl\u00e1sticas y visuales llevo a cabo desde hace a\u00f1os un proceso de investigaci\u00f3n en el que trato de codificar la l\u00ednea convirti\u00e9ndola en pictograma de la idea o el poema.<\/p>\n\n\n\n<p class=\"wp-block-paragraph\">In the field of plastic and visual arts, I have been carrying out a research project for several years in which I seek to codify the essence of the line. My aim is to transform it into a pictogram encapsulating the essence of an idea or poem.<\/p>\n\n\n\n<p class=\"wp-block-paragraph\">I studied Communication Technologies with a degree in Graphic Design, with experience using 3D Studio Max.<\/p>\n\n\n\n<p class=\"wp-block-paragraph\">In the language of dance, I have trained in several schools in Madrid such as Amor de Dios, Bamb\u00fa Danza and Descalzinha and have studied with dancers such as Lola Mayo, Francesc Bravo or Esther Eiras Taboada, among others.<\/p>\n\n\n\n<p class=\"wp-block-paragraph\">In 2018, after writing in several blogs, I published the book of poems \u00abMirar o parecido\u00bb.<\/p>\n\n\n\n<p class=\"wp-block-paragraph\">I have collaborated with the James Joyce Lacanian Circle, as well as other collectives and artistic projects, and with radio programmes such as OMCRadio and the National University of Colombia UNIMEDIOS radio with dance-performance pieces, drawings, paintings, poetry, photography and audiovisual work.<\/p>\n\n\n\n<p class=\"wp-block-paragraph\">In 2019, alongside Denissea Nadeauh, we created the platform CONJUNTAS P-r-y-c-t-s dedicated to performative action and I started my work as coordinator of the Video Art Festival PROYECTOR. In 2020, I joined LAC, a group dedicated to multidisciplinary improvisation.<\/p>\n","protected":false},"excerpt":{"rendered":"<p>En el campo de las artes pl\u00e1sticas y visuales llevo a cabo desde hace a\u00f1os un proceso de investigaci\u00f3n en<\/p>\n","protected":false},"author":1,"featured_media":14422,"template":"","meta":[],"person_cat":[421],"person_tag":[212,256],"class_list":["post-14424","person","type-person","status-publish","has-post-thumbnail","hentry","person_cat-proyector-staff","person_tag-212","person_tag-256"],"yoast_head":"<!-- This site is optimized with the Yoast SEO plugin v27.4 - https:\/\/yoast.com\/product\/yoast-seo-wordpress\/ -->\n<title>Araceli L\u00f3pez - PROYECTOR<\/title>\n<meta name=\"robots\" content=\"index, follow, max-snippet:-1, max-image-preview:large, max-video-preview:-1\" \/>\n<link rel=\"canonical\" href=\"https:\/\/proyector.info\/en\/profile\/araceli-lopez\/\" \/>\n<meta property=\"og:locale\" content=\"en_US\" \/>\n<meta property=\"og:type\" content=\"article\" \/>\n<meta property=\"og:title\" content=\"Araceli L\u00f3pez - PROYECTOR\" \/>\n<meta property=\"og:description\" content=\"En el campo de las artes pl\u00e1sticas y visuales llevo a cabo desde hace a\u00f1os un proceso de investigaci\u00f3n en\" \/>\n<meta property=\"og:url\" content=\"https:\/\/proyector.info\/en\/profile\/araceli-lopez\/\" \/>\n<meta property=\"og:site_name\" content=\"PROYECTOR\" \/>\n<meta property=\"article:publisher\" content=\"https:\/\/www.facebook.com\/proyectorvideoartfestival\/\" \/>\n<meta property=\"article:modified_time\" content=\"2025-09-10T16:32:25+00:00\" \/>\n<meta property=\"og:image\" content=\"https:\/\/proyector.info\/wp-content\/uploads\/2025\/09\/aracelilopez.jpg\" \/>\n\t<meta property=\"og:image:width\" content=\"960\" \/>\n\t<meta property=\"og:image:height\" content=\"960\" \/>\n\t<meta property=\"og:image:type\" content=\"image\/jpeg\" \/>\n<meta name=\"twitter:card\" content=\"summary_large_image\" \/>\n<meta name=\"twitter:site\" content=\"@PROYECTOR_fest\" \/>\n<meta name=\"twitter:label1\" content=\"Est. reading time\" \/>\n\t<meta name=\"twitter:data1\" content=\"2 minutes\" \/>\n<script type=\"application\/ld+json\" class=\"yoast-schema-graph\">{\"@context\":\"https:\\\/\\\/schema.org\",\"@graph\":[{\"@type\":\"WebPage\",\"@id\":\"https:\\\/\\\/proyector.info\\\/en\\\/profile\\\/araceli-lopez\\\/\",\"url\":\"https:\\\/\\\/proyector.info\\\/en\\\/profile\\\/araceli-lopez\\\/\",\"name\":\"Araceli L\u00f3pez - PROYECTOR\",\"isPartOf\":{\"@id\":\"https:\\\/\\\/proyector.info\\\/en\\\/#website\"},\"primaryImageOfPage\":{\"@id\":\"https:\\\/\\\/proyector.info\\\/en\\\/profile\\\/araceli-lopez\\\/#primaryimage\"},\"image\":{\"@id\":\"https:\\\/\\\/proyector.info\\\/en\\\/profile\\\/araceli-lopez\\\/#primaryimage\"},\"thumbnailUrl\":\"https:\\\/\\\/proyector.info\\\/wp-content\\\/uploads\\\/2025\\\/09\\\/aracelilopez.jpg\",\"datePublished\":\"2025-09-10T16:31:14+00:00\",\"dateModified\":\"2025-09-10T16:32:25+00:00\",\"breadcrumb\":{\"@id\":\"https:\\\/\\\/proyector.info\\\/en\\\/profile\\\/araceli-lopez\\\/#breadcrumb\"},\"inLanguage\":\"en-US\",\"potentialAction\":[{\"@type\":\"ReadAction\",\"target\":[\"https:\\\/\\\/proyector.info\\\/en\\\/profile\\\/araceli-lopez\\\/\"]}]},{\"@type\":\"ImageObject\",\"inLanguage\":\"en-US\",\"@id\":\"https:\\\/\\\/proyector.info\\\/en\\\/profile\\\/araceli-lopez\\\/#primaryimage\",\"url\":\"https:\\\/\\\/proyector.info\\\/wp-content\\\/uploads\\\/2025\\\/09\\\/aracelilopez.jpg\",\"contentUrl\":\"https:\\\/\\\/proyector.info\\\/wp-content\\\/uploads\\\/2025\\\/09\\\/aracelilopez.jpg\",\"width\":960,\"height\":960},{\"@type\":\"BreadcrumbList\",\"@id\":\"https:\\\/\\\/proyector.info\\\/en\\\/profile\\\/araceli-lopez\\\/#breadcrumb\",\"itemListElement\":[{\"@type\":\"ListItem\",\"position\":1,\"name\":\"Portada\",\"item\":\"https:\\\/\\\/proyector.info\\\/en\\\/\"},{\"@type\":\"ListItem\",\"position\":2,\"name\":\"Profiles\",\"item\":\"https:\\\/\\\/proyector.info\\\/en\\\/profiles\\\/\"},{\"@type\":\"ListItem\",\"position\":3,\"name\":\"Araceli L\u00f3pez\"}]},{\"@type\":\"WebSite\",\"@id\":\"https:\\\/\\\/proyector.info\\\/en\\\/#website\",\"url\":\"https:\\\/\\\/proyector.info\\\/en\\\/\",\"name\":\"PROYECTOR\",\"description\":\"Plataforma de Imagen en Movimiento\",\"publisher\":{\"@id\":\"https:\\\/\\\/proyector.info\\\/en\\\/#organization\"},\"potentialAction\":[{\"@type\":\"SearchAction\",\"target\":{\"@type\":\"EntryPoint\",\"urlTemplate\":\"https:\\\/\\\/proyector.info\\\/en\\\/?s={search_term_string}\"},\"query-input\":{\"@type\":\"PropertyValueSpecification\",\"valueRequired\":true,\"valueName\":\"search_term_string\"}}],\"inLanguage\":\"en-US\"},{\"@type\":\"Organization\",\"@id\":\"https:\\\/\\\/proyector.info\\\/en\\\/#organization\",\"name\":\"PROYECTOR\",\"url\":\"https:\\\/\\\/proyector.info\\\/en\\\/\",\"logo\":{\"@type\":\"ImageObject\",\"inLanguage\":\"en-US\",\"@id\":\"https:\\\/\\\/proyector.info\\\/en\\\/#\\\/schema\\\/logo\\\/image\\\/\",\"url\":\"https:\\\/\\\/proyector.info\\\/wp-content\\\/uploads\\\/2025\\\/07\\\/cropped-proyector_icono.png\",\"contentUrl\":\"https:\\\/\\\/proyector.info\\\/wp-content\\\/uploads\\\/2025\\\/07\\\/cropped-proyector_icono.png\",\"width\":512,\"height\":512,\"caption\":\"PROYECTOR\"},\"image\":{\"@id\":\"https:\\\/\\\/proyector.info\\\/en\\\/#\\\/schema\\\/logo\\\/image\\\/\"},\"sameAs\":[\"https:\\\/\\\/www.facebook.com\\\/proyectorvideoartfestival\\\/\",\"https:\\\/\\\/x.com\\\/PROYECTOR_fest\",\"https:\\\/\\\/www.instagram.com\\\/proyector_videoartplatform\\\/\",\"https:\\\/\\\/www.tiktok.com\\\/@proyector_fest\",\"https:\\\/\\\/www.youtube.com\\\/user\\\/proyectorvideoart\",\"https:\\\/\\\/vimeo.com\\\/proyectorvideoart\",\"https:\\\/\\\/www.linkedin.com\\\/company\\\/proyector\\\/\"]}]}<\/script>\n<!-- \/ Yoast SEO plugin. -->","yoast_head_json":{"title":"Araceli L\u00f3pez - PROYECTOR","robots":{"index":"index","follow":"follow","max-snippet":"max-snippet:-1","max-image-preview":"max-image-preview:large","max-video-preview":"max-video-preview:-1"},"canonical":"https:\/\/proyector.info\/en\/profile\/araceli-lopez\/","og_locale":"en_US","og_type":"article","og_title":"Araceli L\u00f3pez - PROYECTOR","og_description":"En el campo de las artes pl\u00e1sticas y visuales llevo a cabo desde hace a\u00f1os un proceso de investigaci\u00f3n en","og_url":"https:\/\/proyector.info\/en\/profile\/araceli-lopez\/","og_site_name":"PROYECTOR","article_publisher":"https:\/\/www.facebook.com\/proyectorvideoartfestival\/","article_modified_time":"2025-09-10T16:32:25+00:00","og_image":[{"width":960,"height":960,"url":"https:\/\/proyector.info\/wp-content\/uploads\/2025\/09\/aracelilopez.jpg","type":"image\/jpeg"}],"twitter_card":"summary_large_image","twitter_site":"@PROYECTOR_fest","twitter_misc":{"Est. reading time":"2 minutes"},"schema":{"@context":"https:\/\/schema.org","@graph":[{"@type":"WebPage","@id":"https:\/\/proyector.info\/en\/profile\/araceli-lopez\/","url":"https:\/\/proyector.info\/en\/profile\/araceli-lopez\/","name":"Araceli L\u00f3pez - PROYECTOR","isPartOf":{"@id":"https:\/\/proyector.info\/en\/#website"},"primaryImageOfPage":{"@id":"https:\/\/proyector.info\/en\/profile\/araceli-lopez\/#primaryimage"},"image":{"@id":"https:\/\/proyector.info\/en\/profile\/araceli-lopez\/#primaryimage"},"thumbnailUrl":"https:\/\/proyector.info\/wp-content\/uploads\/2025\/09\/aracelilopez.jpg","datePublished":"2025-09-10T16:31:14+00:00","dateModified":"2025-09-10T16:32:25+00:00","breadcrumb":{"@id":"https:\/\/proyector.info\/en\/profile\/araceli-lopez\/#breadcrumb"},"inLanguage":"en-US","potentialAction":[{"@type":"ReadAction","target":["https:\/\/proyector.info\/en\/profile\/araceli-lopez\/"]}]},{"@type":"ImageObject","inLanguage":"en-US","@id":"https:\/\/proyector.info\/en\/profile\/araceli-lopez\/#primaryimage","url":"https:\/\/proyector.info\/wp-content\/uploads\/2025\/09\/aracelilopez.jpg","contentUrl":"https:\/\/proyector.info\/wp-content\/uploads\/2025\/09\/aracelilopez.jpg","width":960,"height":960},{"@type":"BreadcrumbList","@id":"https:\/\/proyector.info\/en\/profile\/araceli-lopez\/#breadcrumb","itemListElement":[{"@type":"ListItem","position":1,"name":"Portada","item":"https:\/\/proyector.info\/en\/"},{"@type":"ListItem","position":2,"name":"Profiles","item":"https:\/\/proyector.info\/en\/profiles\/"},{"@type":"ListItem","position":3,"name":"Araceli L\u00f3pez"}]},{"@type":"WebSite","@id":"https:\/\/proyector.info\/en\/#website","url":"https:\/\/proyector.info\/en\/","name":"PROYECTOR","description":"Plataforma de Imagen en Movimiento","publisher":{"@id":"https:\/\/proyector.info\/en\/#organization"},"potentialAction":[{"@type":"SearchAction","target":{"@type":"EntryPoint","urlTemplate":"https:\/\/proyector.info\/en\/?s={search_term_string}"},"query-input":{"@type":"PropertyValueSpecification","valueRequired":true,"valueName":"search_term_string"}}],"inLanguage":"en-US"},{"@type":"Organization","@id":"https:\/\/proyector.info\/en\/#organization","name":"PROYECTOR","url":"https:\/\/proyector.info\/en\/","logo":{"@type":"ImageObject","inLanguage":"en-US","@id":"https:\/\/proyector.info\/en\/#\/schema\/logo\/image\/","url":"https:\/\/proyector.info\/wp-content\/uploads\/2025\/07\/cropped-proyector_icono.png","contentUrl":"https:\/\/proyector.info\/wp-content\/uploads\/2025\/07\/cropped-proyector_icono.png","width":512,"height":512,"caption":"PROYECTOR"},"image":{"@id":"https:\/\/proyector.info\/en\/#\/schema\/logo\/image\/"},"sameAs":["https:\/\/www.facebook.com\/proyectorvideoartfestival\/","https:\/\/x.com\/PROYECTOR_fest","https:\/\/www.instagram.com\/proyector_videoartplatform\/","https:\/\/www.tiktok.com\/@proyector_fest","https:\/\/www.youtube.com\/user\/proyectorvideoart","https:\/\/vimeo.com\/proyectorvideoart","https:\/\/www.linkedin.com\/company\/proyector\/"]}]}},"_links":{"self":[{"href":"https:\/\/proyector.info\/en\/wp-json\/wp\/v2\/person\/14424","targetHints":{"allow":["GET"]}}],"collection":[{"href":"https:\/\/proyector.info\/en\/wp-json\/wp\/v2\/person"}],"about":[{"href":"https:\/\/proyector.info\/en\/wp-json\/wp\/v2\/types\/person"}],"author":[{"embeddable":true,"href":"https:\/\/proyector.info\/en\/wp-json\/wp\/v2\/users\/1"}],"wp:featuredmedia":[{"embeddable":true,"href":"https:\/\/proyector.info\/en\/wp-json\/wp\/v2\/media\/14422"}],"wp:attachment":[{"href":"https:\/\/proyector.info\/en\/wp-json\/wp\/v2\/media?parent=14424"}],"wp:term":[{"taxonomy":"person_cat","embeddable":true,"href":"https:\/\/proyector.info\/en\/wp-json\/wp\/v2\/person_cat?post=14424"},{"taxonomy":"person_tag","embeddable":true,"href":"https:\/\/proyector.info\/en\/wp-json\/wp\/v2\/person_tag?post=14424"}],"curies":[{"name":"wp","href":"https:\/\/api.w.org\/{rel}","templated":true}]}}