{"id":24427,"date":"2026-08-27T12:28:33","date_gmt":"2026-08-27T10:28:33","guid":{"rendered":"https:\/\/proyector.info\/?post_type=movie&#038;p=24427"},"modified":"2026-08-27T12:28:34","modified_gmt":"2026-08-27T10:28:34","slug":"corre-corre","status":"publish","type":"movie","link":"https:\/\/proyector.info\/en\/work\/corre-corre\/","title":{"rendered":"Corre Corre"},"content":{"rendered":"\n<p class=\"wp-block-paragraph\">En esta obra reflexiono acerca del tiempo y la finitud de nuestra existencia. Poema de mi autor\u00eda le\u00eddo por voces de IA (inteligencia artificial).Utilizo una fuente tipogr\u00e1fica referente a\u00a0 los primitivos relojes digitales\u00a0 de principios de los a\u00f1os 80. Tambi\u00e9n elijo una textura visual propia de la TV anal\u00f3gica.<\/p>\n","protected":false},"excerpt":{"rendered":"<p>En esta obra reflexiono acerca del tiempo y la finitud de nuestra existencia. Poema de mi autor\u00eda le\u00eddo por voces<\/p>\n","protected":false},"author":3,"featured_media":24428,"template":"","meta":[],"movie_genre":[],"movie_tag":[1212,1237],"class_list":["post-24427","movie","type-movie","status-publish","has-post-thumbnail","hentry","movie_tag-2026-es","movie_tag-proyector-2026"],"yoast_head":"<!-- This site is optimized with the Yoast SEO plugin v27.4 - https:\/\/yoast.com\/product\/yoast-seo-wordpress\/ -->\n<title>Corre Corre - PROYECTOR<\/title>\n<meta name=\"robots\" content=\"index, follow, max-snippet:-1, max-image-preview:large, max-video-preview:-1\" \/>\n<link rel=\"canonical\" href=\"https:\/\/proyector.info\/obra\/corre-corre\/\" \/>\n<meta property=\"og:locale\" content=\"en_US\" \/>\n<meta property=\"og:type\" content=\"article\" \/>\n<meta property=\"og:title\" content=\"Corre Corre - PROYECTOR\" \/>\n<meta property=\"og:description\" content=\"En esta obra reflexiono acerca del tiempo y la finitud de nuestra existencia. Poema de mi autor\u00eda le\u00eddo por voces\" \/>\n<meta property=\"og:url\" content=\"https:\/\/proyector.info\/obra\/corre-corre\/\" \/>\n<meta property=\"og:site_name\" content=\"PROYECTOR\" \/>\n<meta property=\"article:publisher\" content=\"https:\/\/www.facebook.com\/proyectorvideoartfestival\/\" \/>\n<meta property=\"article:modified_time\" content=\"2026-08-27T10:28:34+00:00\" \/>\n<meta property=\"og:image\" content=\"https:\/\/proyector.info\/wp-content\/uploads\/2026\/08\/Sin-titulo.jpg\" \/>\n\t<meta property=\"og:image:width\" content=\"1396\" \/>\n\t<meta property=\"og:image:height\" content=\"666\" \/>\n\t<meta property=\"og:image:type\" content=\"image\/jpeg\" \/>\n<meta name=\"twitter:card\" content=\"summary_large_image\" \/>\n<meta name=\"twitter:site\" content=\"@PROYECTOR_fest\" \/>\n<meta name=\"twitter:label1\" content=\"Est. reading time\" \/>\n\t<meta name=\"twitter:data1\" content=\"1 minute\" \/>\n<script type=\"application\/ld+json\" class=\"yoast-schema-graph\">{\"@context\":\"https:\\\/\\\/schema.org\",\"@graph\":[{\"@type\":\"WebPage\",\"@id\":\"https:\\\/\\\/proyector.info\\\/obra\\\/corre-corre\\\/\",\"url\":\"https:\\\/\\\/proyector.info\\\/obra\\\/corre-corre\\\/\",\"name\":\"Corre Corre - PROYECTOR\",\"isPartOf\":{\"@id\":\"https:\\\/\\\/proyector.info\\\/en\\\/#website\"},\"primaryImageOfPage\":{\"@id\":\"https:\\\/\\\/proyector.info\\\/obra\\\/corre-corre\\\/#primaryimage\"},\"image\":{\"@id\":\"https:\\\/\\\/proyector.info\\\/obra\\\/corre-corre\\\/#primaryimage\"},\"thumbnailUrl\":\"https:\\\/\\\/proyector.info\\\/wp-content\\\/uploads\\\/2026\\\/08\\\/Sin-titulo.jpg\",\"datePublished\":\"2026-08-27T10:28:33+00:00\",\"dateModified\":\"2026-08-27T10:28:34+00:00\",\"breadcrumb\":{\"@id\":\"https:\\\/\\\/proyector.info\\\/obra\\\/corre-corre\\\/#breadcrumb\"},\"inLanguage\":\"en-US\",\"potentialAction\":[{\"@type\":\"ReadAction\",\"target\":[\"https:\\\/\\\/proyector.info\\\/obra\\\/corre-corre\\\/\"]}]},{\"@type\":\"ImageObject\",\"inLanguage\":\"en-US\",\"@id\":\"https:\\\/\\\/proyector.info\\\/obra\\\/corre-corre\\\/#primaryimage\",\"url\":\"https:\\\/\\\/proyector.info\\\/wp-content\\\/uploads\\\/2026\\\/08\\\/Sin-titulo.jpg\",\"contentUrl\":\"https:\\\/\\\/proyector.info\\\/wp-content\\\/uploads\\\/2026\\\/08\\\/Sin-titulo.jpg\",\"width\":1396,\"height\":666},{\"@type\":\"BreadcrumbList\",\"@id\":\"https:\\\/\\\/proyector.info\\\/obra\\\/corre-corre\\\/#breadcrumb\",\"itemListElement\":[{\"@type\":\"ListItem\",\"position\":1,\"name\":\"Portada\",\"item\":\"https:\\\/\\\/proyector.info\\\/en\\\/\"},{\"@type\":\"ListItem\",\"position\":2,\"name\":\"Obras\",\"item\":\"https:\\\/\\\/proyector.info\\\/works\\\/\"},{\"@type\":\"ListItem\",\"position\":3,\"name\":\"Corre Corre\"}]},{\"@type\":\"WebSite\",\"@id\":\"https:\\\/\\\/proyector.info\\\/en\\\/#website\",\"url\":\"https:\\\/\\\/proyector.info\\\/en\\\/\",\"name\":\"PROYECTOR\",\"description\":\"Plataforma de Imagen en Movimiento\",\"publisher\":{\"@id\":\"https:\\\/\\\/proyector.info\\\/en\\\/#organization\"},\"potentialAction\":[{\"@type\":\"SearchAction\",\"target\":{\"@type\":\"EntryPoint\",\"urlTemplate\":\"https:\\\/\\\/proyector.info\\\/en\\\/?s={search_term_string}\"},\"query-input\":{\"@type\":\"PropertyValueSpecification\",\"valueRequired\":true,\"valueName\":\"search_term_string\"}}],\"inLanguage\":\"en-US\"},{\"@type\":\"Organization\",\"@id\":\"https:\\\/\\\/proyector.info\\\/en\\\/#organization\",\"name\":\"PROYECTOR\",\"url\":\"https:\\\/\\\/proyector.info\\\/en\\\/\",\"logo\":{\"@type\":\"ImageObject\",\"inLanguage\":\"en-US\",\"@id\":\"https:\\\/\\\/proyector.info\\\/en\\\/#\\\/schema\\\/logo\\\/image\\\/\",\"url\":\"https:\\\/\\\/proyector.info\\\/wp-content\\\/uploads\\\/2025\\\/07\\\/cropped-proyector_icono.png\",\"contentUrl\":\"https:\\\/\\\/proyector.info\\\/wp-content\\\/uploads\\\/2025\\\/07\\\/cropped-proyector_icono.png\",\"width\":512,\"height\":512,\"caption\":\"PROYECTOR\"},\"image\":{\"@id\":\"https:\\\/\\\/proyector.info\\\/en\\\/#\\\/schema\\\/logo\\\/image\\\/\"},\"sameAs\":[\"https:\\\/\\\/www.facebook.com\\\/proyectorvideoartfestival\\\/\",\"https:\\\/\\\/x.com\\\/PROYECTOR_fest\",\"https:\\\/\\\/www.instagram.com\\\/proyector_videoartplatform\\\/\",\"https:\\\/\\\/www.tiktok.com\\\/@proyector_fest\",\"https:\\\/\\\/www.youtube.com\\\/user\\\/proyectorvideoart\",\"https:\\\/\\\/vimeo.com\\\/proyectorvideoart\",\"https:\\\/\\\/www.linkedin.com\\\/company\\\/proyector\\\/\"]}]}<\/script>\n<!-- \/ Yoast SEO plugin. -->","yoast_head_json":{"title":"Corre Corre - PROYECTOR","robots":{"index":"index","follow":"follow","max-snippet":"max-snippet:-1","max-image-preview":"max-image-preview:large","max-video-preview":"max-video-preview:-1"},"canonical":"https:\/\/proyector.info\/obra\/corre-corre\/","og_locale":"en_US","og_type":"article","og_title":"Corre Corre - PROYECTOR","og_description":"En esta obra reflexiono acerca del tiempo y la finitud de nuestra existencia. Poema de mi autor\u00eda le\u00eddo por voces","og_url":"https:\/\/proyector.info\/obra\/corre-corre\/","og_site_name":"PROYECTOR","article_publisher":"https:\/\/www.facebook.com\/proyectorvideoartfestival\/","article_modified_time":"2026-08-27T10:28:34+00:00","og_image":[{"width":1396,"height":666,"url":"https:\/\/proyector.info\/wp-content\/uploads\/2026\/08\/Sin-titulo.jpg","type":"image\/jpeg"}],"twitter_card":"summary_large_image","twitter_site":"@PROYECTOR_fest","twitter_misc":{"Est. reading time":"1 minute"},"schema":{"@context":"https:\/\/schema.org","@graph":[{"@type":"WebPage","@id":"https:\/\/proyector.info\/obra\/corre-corre\/","url":"https:\/\/proyector.info\/obra\/corre-corre\/","name":"Corre Corre - PROYECTOR","isPartOf":{"@id":"https:\/\/proyector.info\/en\/#website"},"primaryImageOfPage":{"@id":"https:\/\/proyector.info\/obra\/corre-corre\/#primaryimage"},"image":{"@id":"https:\/\/proyector.info\/obra\/corre-corre\/#primaryimage"},"thumbnailUrl":"https:\/\/proyector.info\/wp-content\/uploads\/2026\/08\/Sin-titulo.jpg","datePublished":"2026-08-27T10:28:33+00:00","dateModified":"2026-08-27T10:28:34+00:00","breadcrumb":{"@id":"https:\/\/proyector.info\/obra\/corre-corre\/#breadcrumb"},"inLanguage":"en-US","potentialAction":[{"@type":"ReadAction","target":["https:\/\/proyector.info\/obra\/corre-corre\/"]}]},{"@type":"ImageObject","inLanguage":"en-US","@id":"https:\/\/proyector.info\/obra\/corre-corre\/#primaryimage","url":"https:\/\/proyector.info\/wp-content\/uploads\/2026\/08\/Sin-titulo.jpg","contentUrl":"https:\/\/proyector.info\/wp-content\/uploads\/2026\/08\/Sin-titulo.jpg","width":1396,"height":666},{"@type":"BreadcrumbList","@id":"https:\/\/proyector.info\/obra\/corre-corre\/#breadcrumb","itemListElement":[{"@type":"ListItem","position":1,"name":"Portada","item":"https:\/\/proyector.info\/en\/"},{"@type":"ListItem","position":2,"name":"Obras","item":"https:\/\/proyector.info\/works\/"},{"@type":"ListItem","position":3,"name":"Corre Corre"}]},{"@type":"WebSite","@id":"https:\/\/proyector.info\/en\/#website","url":"https:\/\/proyector.info\/en\/","name":"PROYECTOR","description":"Plataforma de Imagen en Movimiento","publisher":{"@id":"https:\/\/proyector.info\/en\/#organization"},"potentialAction":[{"@type":"SearchAction","target":{"@type":"EntryPoint","urlTemplate":"https:\/\/proyector.info\/en\/?s={search_term_string}"},"query-input":{"@type":"PropertyValueSpecification","valueRequired":true,"valueName":"search_term_string"}}],"inLanguage":"en-US"},{"@type":"Organization","@id":"https:\/\/proyector.info\/en\/#organization","name":"PROYECTOR","url":"https:\/\/proyector.info\/en\/","logo":{"@type":"ImageObject","inLanguage":"en-US","@id":"https:\/\/proyector.info\/en\/#\/schema\/logo\/image\/","url":"https:\/\/proyector.info\/wp-content\/uploads\/2025\/07\/cropped-proyector_icono.png","contentUrl":"https:\/\/proyector.info\/wp-content\/uploads\/2025\/07\/cropped-proyector_icono.png","width":512,"height":512,"caption":"PROYECTOR"},"image":{"@id":"https:\/\/proyector.info\/en\/#\/schema\/logo\/image\/"},"sameAs":["https:\/\/www.facebook.com\/proyectorvideoartfestival\/","https:\/\/x.com\/PROYECTOR_fest","https:\/\/www.instagram.com\/proyector_videoartplatform\/","https:\/\/www.tiktok.com\/@proyector_fest","https:\/\/www.youtube.com\/user\/proyectorvideoart","https:\/\/vimeo.com\/proyectorvideoart","https:\/\/www.linkedin.com\/company\/proyector\/"]}]}},"_links":{"self":[{"href":"https:\/\/proyector.info\/en\/wp-json\/wp\/v2\/movie\/24427","targetHints":{"allow":["GET"]}}],"collection":[{"href":"https:\/\/proyector.info\/en\/wp-json\/wp\/v2\/movie"}],"about":[{"href":"https:\/\/proyector.info\/en\/wp-json\/wp\/v2\/types\/movie"}],"author":[{"embeddable":true,"href":"https:\/\/proyector.info\/en\/wp-json\/wp\/v2\/users\/3"}],"wp:featuredmedia":[{"embeddable":true,"href":"https:\/\/proyector.info\/en\/wp-json\/wp\/v2\/media\/24428"}],"wp:attachment":[{"href":"https:\/\/proyector.info\/en\/wp-json\/wp\/v2\/media?parent=24427"}],"wp:term":[{"taxonomy":"movie_genre","embeddable":true,"href":"https:\/\/proyector.info\/en\/wp-json\/wp\/v2\/movie_genre?post=24427"},{"taxonomy":"movie_tag","embeddable":true,"href":"https:\/\/proyector.info\/en\/wp-json\/wp\/v2\/movie_tag?post=24427"}],"curies":[{"name":"wp","href":"https:\/\/api.w.org\/{rel}","templated":true}]}}