{"id":24359,"date":"2026-08-27T00:58:30","date_gmt":"2026-08-26T22:58:30","guid":{"rendered":"https:\/\/proyector.info\/?post_type=movie&#038;p=24359"},"modified":"2026-09-03T01:10:56","modified_gmt":"2026-09-02T23:10:56","slug":"ese-verde-incandescente-extranamente-familiar","status":"publish","type":"movie","link":"https:\/\/proyector.info\/en\/work\/ese-verde-incandescente-extranamente-familiar\/","title":{"rendered":"Ese verde incandescente extra\u00f1amente familiar"},"content":{"rendered":"\n<p class=\"wp-block-paragraph\">\u201cEse verde incandescente extra\u00f1amente familiar\u201d es una serie de videos donde se investiga al color verde en el antropoceno. \u00bfHas visto ese color? \u00bfEl de la transmisi\u00f3n de la guerra de Irak (2003), durante los ataques filmados en Nigth Shot? \u00bfHas visto el color de las letras de los primeros PC IBM (1981)? \u00bfY el verde fluorescente de conejo Alba (2000)? \u00bfY el verde laser de la Primavera \u00c1rabe que el pueblo egipcio utiliz\u00f3 para movilizarse en 2012, y luego en las manifestaciones de Chile? \u00bfY el color del pa\u00f1uelo a favor de la legalizaci\u00f3n del aborto en Argentina? \u00bfY las Cianobacterias? \u00bfEl verde ausente de la Amazonia desmembrada? \u00bfPodr\u00edas haber imaginado que la informaci\u00f3n generada en los ordenadores de los 80 se enredar\u00eda con los archivos liberados por Assange? \u00bfT\u00fa has visto el color militar? \u00bfY el color verde del voto verde, que estaba a favor de la penalizaci\u00f3n de torturadores de la \u00faltima dictadura militar uruguaya?&nbsp;<\/p>\n\n\n\n<p class=\"wp-block-paragraph\">Este color se fue incorporando a nuestra vida cultural, trazando una nueva topograf\u00eda, un nuevo territorio humanizado, problematizado, que cubre al verde del antiguo territorio. Ese color nos parece familiar, extra\u00f1amente familiar o \u201cUnheimliche\u201d.&nbsp;<\/p>\n\n\n\n<p class=\"wp-block-paragraph\">&nbsp;\u201cPara Freud, lo siniestro reside en la extra\u00f1eza de lo ordinario.&nbsp;<a href=\"https:\/\/en-wikipedia-org.translate.goog\/wiki\/Uncanny?_x_tr_sl=pt&amp;_x_tr_tl=es&amp;_x_tr_hl=es&amp;_x_tr_pto=wapp#cite_note-D._Bate,_2004_p._39-40-3\">[&nbsp;3&nbsp;]<\/a>&nbsp;Ampliando esta idea,&nbsp;el te\u00f3rico&nbsp;<a href=\"https:\/\/en-wikipedia-org.translate.goog\/wiki\/Psychoanalytic?_x_tr_sl=pt&amp;_x_tr_tl=es&amp;_x_tr_hl=es&amp;_x_tr_pto=wapp\">psicoanal\u00edtico&nbsp;<\/a><a href=\"https:\/\/en-wikipedia-org.translate.goog\/wiki\/Jacques_Lacan?_x_tr_sl=pt&amp;_x_tr_tl=es&amp;_x_tr_hl=es&amp;_x_tr_pto=wapp\">Jacques Lacan<\/a>&nbsp;escribi\u00f3 que lo siniestro nos sit\u00faa \u00aben el campo donde no sabemos distinguir entre el bien y el mal, el placer y el displacer\u00bb, lo que resulta en una&nbsp;<a href=\"https:\/\/en-wikipedia-org.translate.goog\/wiki\/Anxiety?_x_tr_sl=pt&amp;_x_tr_tl=es&amp;_x_tr_hl=es&amp;_x_tr_pto=wapp\">ansiedad<\/a>&nbsp;irreductible que apunta a&nbsp;<a href=\"https:\/\/en-wikipedia-org.translate.goog\/wiki\/The_Real?_x_tr_sl=pt&amp;_x_tr_tl=es&amp;_x_tr_hl=es&amp;_x_tr_pto=wapp\">lo Real<\/a>&nbsp;.&nbsp;<a href=\"https:\/\/en-wikipedia-org.translate.goog\/wiki\/Uncanny?_x_tr_sl=pt&amp;_x_tr_tl=es&amp;_x_tr_hl=es&amp;_x_tr_pto=wapp#cite_note-5\">[&nbsp;5&nbsp;]<\/a>&nbsp; &nbsp;<\/p>\n\n\n\n<p class=\"wp-block-paragraph\">En estas nuevas topograf\u00edas el significado se altera, el color como significante adquiere otro significado. En esa comprensi\u00f3n de nuestro entorno es posible reunir lo siniestro, sentir la ansiedad provocada por lo que significa cada nuevo paisaje.&nbsp;<\/p>\n\n\n\n<p class=\"wp-block-paragraph\">Antes las Cianobacterias no eran un problema, ahora s\u00ed debido a la cantidad de f\u00f3sforo y nitr\u00f3geno que entra en las aguas debido a la contaminaci\u00f3n. El nuevo verde intenso se despliega sobre el antiguo color del agua. Las nuevas descompensaciones producto del abuso de los recursos naturales, implican entender lo que sucede. \u00bfCu\u00e1l es la nueva realidad que se nos impone? \u00bfC\u00f3mo podemos intervenir?&nbsp;<\/p>\n\n\n\n<p class=\"wp-block-paragraph\">La m\u00fasica utilizada para esta serie presenta una desconexi\u00f3n con lo que vemos, \u00bfes un chiste de mal gusto? La m\u00fasica es para bailar juntos, para marchar juntos. Para continuar mediante la alegr\u00eda, para no enloquecer frente a una realidad devastadora.<\/p>\n\n\n\n<p class=\"wp-block-paragraph\">1<br><a href=\"https:\/\/en-wikipedia-org.translate.goog\/wiki\/Uncanny?_x_tr_sl=pt&amp;_x_tr_tl=es&amp;_x_tr_hl=es&amp;_x_tr_pto=wapp\"><sub>https:\/\/en-wikipedia-org.translate.goog\/wiki\/Uncanny?_x_tr_sl=pt&amp;_x_tr_tl=es&amp;_x_tr_hl=es&amp;_x_tr_pto=wapp<\/sub><\/a><\/p>\n\n\n\n<p class=\"wp-block-paragraph\"><\/p>\n","protected":false},"excerpt":{"rendered":"<p>\u201cEse verde incandescente extra\u00f1amente familiar\u201d es una serie de videos donde se investiga al color verde en el antropoceno. \u00bfHas<\/p>\n","protected":false},"author":3,"featured_media":24677,"template":"","meta":[],"movie_genre":[343],"movie_tag":[1212,772],"class_list":["post-24359","movie","type-movie","status-publish","has-post-thumbnail","hentry","movie_genre-video-es","movie_tag-2026-es","movie_tag-festival-2026"],"yoast_head":"<!-- This site is optimized with the Yoast SEO plugin v27.4 - https:\/\/yoast.com\/product\/yoast-seo-wordpress\/ -->\n<title>Ese verde incandescente extra\u00f1amente familiar - PROYECTOR<\/title>\n<meta name=\"robots\" content=\"index, follow, max-snippet:-1, max-image-preview:large, max-video-preview:-1\" \/>\n<link rel=\"canonical\" href=\"https:\/\/proyector.info\/obra\/ese-verde-incandescente-extranamente-familiar\/\" \/>\n<meta property=\"og:locale\" content=\"en_US\" \/>\n<meta property=\"og:type\" content=\"article\" \/>\n<meta property=\"og:title\" content=\"Ese verde incandescente extra\u00f1amente familiar - PROYECTOR\" \/>\n<meta property=\"og:description\" content=\"\u201cEse verde incandescente extra\u00f1amente familiar\u201d es una serie de videos donde se investiga al color verde en el antropoceno. \u00bfHas\" \/>\n<meta property=\"og:url\" content=\"https:\/\/proyector.info\/obra\/ese-verde-incandescente-extranamente-familiar\/\" \/>\n<meta property=\"og:site_name\" content=\"PROYECTOR\" \/>\n<meta property=\"article:publisher\" content=\"https:\/\/www.facebook.com\/proyectorvideoartfestival\/\" \/>\n<meta property=\"article:modified_time\" content=\"2026-09-02T23:10:56+00:00\" \/>\n<meta property=\"og:image\" content=\"https:\/\/proyector.info\/wp-content\/uploads\/2026\/08\/Adentro-hay-un-rio_Julia-Castagno_Ese-verde-incandescente-extranamente-familiar.-Cianobacterias.jpg\" \/>\n\t<meta property=\"og:image:width\" content=\"1180\" \/>\n\t<meta property=\"og:image:height\" content=\"613\" \/>\n\t<meta property=\"og:image:type\" content=\"image\/jpeg\" \/>\n<meta name=\"twitter:card\" content=\"summary_large_image\" \/>\n<meta name=\"twitter:site\" content=\"@PROYECTOR_fest\" \/>\n<meta name=\"twitter:label1\" content=\"Est. reading time\" \/>\n\t<meta name=\"twitter:data1\" content=\"3 minutes\" \/>\n<script type=\"application\/ld+json\" class=\"yoast-schema-graph\">{\"@context\":\"https:\\\/\\\/schema.org\",\"@graph\":[{\"@type\":\"WebPage\",\"@id\":\"https:\\\/\\\/proyector.info\\\/obra\\\/ese-verde-incandescente-extranamente-familiar\\\/\",\"url\":\"https:\\\/\\\/proyector.info\\\/obra\\\/ese-verde-incandescente-extranamente-familiar\\\/\",\"name\":\"Ese verde incandescente extra\u00f1amente familiar - PROYECTOR\",\"isPartOf\":{\"@id\":\"https:\\\/\\\/proyector.info\\\/en\\\/#website\"},\"primaryImageOfPage\":{\"@id\":\"https:\\\/\\\/proyector.info\\\/obra\\\/ese-verde-incandescente-extranamente-familiar\\\/#primaryimage\"},\"image\":{\"@id\":\"https:\\\/\\\/proyector.info\\\/obra\\\/ese-verde-incandescente-extranamente-familiar\\\/#primaryimage\"},\"thumbnailUrl\":\"https:\\\/\\\/proyector.info\\\/wp-content\\\/uploads\\\/2026\\\/08\\\/Adentro-hay-un-rio_Julia-Castagno_Ese-verde-incandescente-extranamente-familiar.-Cianobacterias.jpg\",\"datePublished\":\"2026-08-26T22:58:30+00:00\",\"dateModified\":\"2026-09-02T23:10:56+00:00\",\"breadcrumb\":{\"@id\":\"https:\\\/\\\/proyector.info\\\/obra\\\/ese-verde-incandescente-extranamente-familiar\\\/#breadcrumb\"},\"inLanguage\":\"en-US\",\"potentialAction\":[{\"@type\":\"ReadAction\",\"target\":[\"https:\\\/\\\/proyector.info\\\/obra\\\/ese-verde-incandescente-extranamente-familiar\\\/\"]}]},{\"@type\":\"ImageObject\",\"inLanguage\":\"en-US\",\"@id\":\"https:\\\/\\\/proyector.info\\\/obra\\\/ese-verde-incandescente-extranamente-familiar\\\/#primaryimage\",\"url\":\"https:\\\/\\\/proyector.info\\\/wp-content\\\/uploads\\\/2026\\\/08\\\/Adentro-hay-un-rio_Julia-Castagno_Ese-verde-incandescente-extranamente-familiar.-Cianobacterias.jpg\",\"contentUrl\":\"https:\\\/\\\/proyector.info\\\/wp-content\\\/uploads\\\/2026\\\/08\\\/Adentro-hay-un-rio_Julia-Castagno_Ese-verde-incandescente-extranamente-familiar.-Cianobacterias.jpg\",\"width\":1180,\"height\":613},{\"@type\":\"BreadcrumbList\",\"@id\":\"https:\\\/\\\/proyector.info\\\/obra\\\/ese-verde-incandescente-extranamente-familiar\\\/#breadcrumb\",\"itemListElement\":[{\"@type\":\"ListItem\",\"position\":1,\"name\":\"Portada\",\"item\":\"https:\\\/\\\/proyector.info\\\/en\\\/\"},{\"@type\":\"ListItem\",\"position\":2,\"name\":\"Obras\",\"item\":\"https:\\\/\\\/proyector.info\\\/works\\\/\"},{\"@type\":\"ListItem\",\"position\":3,\"name\":\"Ese verde incandescente extra\u00f1amente familiar\"}]},{\"@type\":\"WebSite\",\"@id\":\"https:\\\/\\\/proyector.info\\\/en\\\/#website\",\"url\":\"https:\\\/\\\/proyector.info\\\/en\\\/\",\"name\":\"PROYECTOR\",\"description\":\"Plataforma de Imagen en Movimiento\",\"publisher\":{\"@id\":\"https:\\\/\\\/proyector.info\\\/en\\\/#organization\"},\"potentialAction\":[{\"@type\":\"SearchAction\",\"target\":{\"@type\":\"EntryPoint\",\"urlTemplate\":\"https:\\\/\\\/proyector.info\\\/en\\\/?s={search_term_string}\"},\"query-input\":{\"@type\":\"PropertyValueSpecification\",\"valueRequired\":true,\"valueName\":\"search_term_string\"}}],\"inLanguage\":\"en-US\"},{\"@type\":\"Organization\",\"@id\":\"https:\\\/\\\/proyector.info\\\/en\\\/#organization\",\"name\":\"PROYECTOR\",\"url\":\"https:\\\/\\\/proyector.info\\\/en\\\/\",\"logo\":{\"@type\":\"ImageObject\",\"inLanguage\":\"en-US\",\"@id\":\"https:\\\/\\\/proyector.info\\\/en\\\/#\\\/schema\\\/logo\\\/image\\\/\",\"url\":\"https:\\\/\\\/proyector.info\\\/wp-content\\\/uploads\\\/2025\\\/07\\\/cropped-proyector_icono.png\",\"contentUrl\":\"https:\\\/\\\/proyector.info\\\/wp-content\\\/uploads\\\/2025\\\/07\\\/cropped-proyector_icono.png\",\"width\":512,\"height\":512,\"caption\":\"PROYECTOR\"},\"image\":{\"@id\":\"https:\\\/\\\/proyector.info\\\/en\\\/#\\\/schema\\\/logo\\\/image\\\/\"},\"sameAs\":[\"https:\\\/\\\/www.facebook.com\\\/proyectorvideoartfestival\\\/\",\"https:\\\/\\\/x.com\\\/PROYECTOR_fest\",\"https:\\\/\\\/www.instagram.com\\\/proyector_videoartplatform\\\/\",\"https:\\\/\\\/www.tiktok.com\\\/@proyector_fest\",\"https:\\\/\\\/www.youtube.com\\\/user\\\/proyectorvideoart\",\"https:\\\/\\\/vimeo.com\\\/proyectorvideoart\",\"https:\\\/\\\/www.linkedin.com\\\/company\\\/proyector\\\/\"]}]}<\/script>\n<!-- \/ Yoast SEO plugin. -->","yoast_head_json":{"title":"Ese verde incandescente extra\u00f1amente familiar - PROYECTOR","robots":{"index":"index","follow":"follow","max-snippet":"max-snippet:-1","max-image-preview":"max-image-preview:large","max-video-preview":"max-video-preview:-1"},"canonical":"https:\/\/proyector.info\/obra\/ese-verde-incandescente-extranamente-familiar\/","og_locale":"en_US","og_type":"article","og_title":"Ese verde incandescente extra\u00f1amente familiar - PROYECTOR","og_description":"\u201cEse verde incandescente extra\u00f1amente familiar\u201d es una serie de videos donde se investiga al color verde en el antropoceno. \u00bfHas","og_url":"https:\/\/proyector.info\/obra\/ese-verde-incandescente-extranamente-familiar\/","og_site_name":"PROYECTOR","article_publisher":"https:\/\/www.facebook.com\/proyectorvideoartfestival\/","article_modified_time":"2026-09-02T23:10:56+00:00","og_image":[{"width":1180,"height":613,"url":"https:\/\/proyector.info\/wp-content\/uploads\/2026\/08\/Adentro-hay-un-rio_Julia-Castagno_Ese-verde-incandescente-extranamente-familiar.-Cianobacterias.jpg","type":"image\/jpeg"}],"twitter_card":"summary_large_image","twitter_site":"@PROYECTOR_fest","twitter_misc":{"Est. reading time":"3 minutes"},"schema":{"@context":"https:\/\/schema.org","@graph":[{"@type":"WebPage","@id":"https:\/\/proyector.info\/obra\/ese-verde-incandescente-extranamente-familiar\/","url":"https:\/\/proyector.info\/obra\/ese-verde-incandescente-extranamente-familiar\/","name":"Ese verde incandescente extra\u00f1amente familiar - PROYECTOR","isPartOf":{"@id":"https:\/\/proyector.info\/en\/#website"},"primaryImageOfPage":{"@id":"https:\/\/proyector.info\/obra\/ese-verde-incandescente-extranamente-familiar\/#primaryimage"},"image":{"@id":"https:\/\/proyector.info\/obra\/ese-verde-incandescente-extranamente-familiar\/#primaryimage"},"thumbnailUrl":"https:\/\/proyector.info\/wp-content\/uploads\/2026\/08\/Adentro-hay-un-rio_Julia-Castagno_Ese-verde-incandescente-extranamente-familiar.-Cianobacterias.jpg","datePublished":"2026-08-26T22:58:30+00:00","dateModified":"2026-09-02T23:10:56+00:00","breadcrumb":{"@id":"https:\/\/proyector.info\/obra\/ese-verde-incandescente-extranamente-familiar\/#breadcrumb"},"inLanguage":"en-US","potentialAction":[{"@type":"ReadAction","target":["https:\/\/proyector.info\/obra\/ese-verde-incandescente-extranamente-familiar\/"]}]},{"@type":"ImageObject","inLanguage":"en-US","@id":"https:\/\/proyector.info\/obra\/ese-verde-incandescente-extranamente-familiar\/#primaryimage","url":"https:\/\/proyector.info\/wp-content\/uploads\/2026\/08\/Adentro-hay-un-rio_Julia-Castagno_Ese-verde-incandescente-extranamente-familiar.-Cianobacterias.jpg","contentUrl":"https:\/\/proyector.info\/wp-content\/uploads\/2026\/08\/Adentro-hay-un-rio_Julia-Castagno_Ese-verde-incandescente-extranamente-familiar.-Cianobacterias.jpg","width":1180,"height":613},{"@type":"BreadcrumbList","@id":"https:\/\/proyector.info\/obra\/ese-verde-incandescente-extranamente-familiar\/#breadcrumb","itemListElement":[{"@type":"ListItem","position":1,"name":"Portada","item":"https:\/\/proyector.info\/en\/"},{"@type":"ListItem","position":2,"name":"Obras","item":"https:\/\/proyector.info\/works\/"},{"@type":"ListItem","position":3,"name":"Ese verde incandescente extra\u00f1amente familiar"}]},{"@type":"WebSite","@id":"https:\/\/proyector.info\/en\/#website","url":"https:\/\/proyector.info\/en\/","name":"PROYECTOR","description":"Plataforma de Imagen en Movimiento","publisher":{"@id":"https:\/\/proyector.info\/en\/#organization"},"potentialAction":[{"@type":"SearchAction","target":{"@type":"EntryPoint","urlTemplate":"https:\/\/proyector.info\/en\/?s={search_term_string}"},"query-input":{"@type":"PropertyValueSpecification","valueRequired":true,"valueName":"search_term_string"}}],"inLanguage":"en-US"},{"@type":"Organization","@id":"https:\/\/proyector.info\/en\/#organization","name":"PROYECTOR","url":"https:\/\/proyector.info\/en\/","logo":{"@type":"ImageObject","inLanguage":"en-US","@id":"https:\/\/proyector.info\/en\/#\/schema\/logo\/image\/","url":"https:\/\/proyector.info\/wp-content\/uploads\/2025\/07\/cropped-proyector_icono.png","contentUrl":"https:\/\/proyector.info\/wp-content\/uploads\/2025\/07\/cropped-proyector_icono.png","width":512,"height":512,"caption":"PROYECTOR"},"image":{"@id":"https:\/\/proyector.info\/en\/#\/schema\/logo\/image\/"},"sameAs":["https:\/\/www.facebook.com\/proyectorvideoartfestival\/","https:\/\/x.com\/PROYECTOR_fest","https:\/\/www.instagram.com\/proyector_videoartplatform\/","https:\/\/www.tiktok.com\/@proyector_fest","https:\/\/www.youtube.com\/user\/proyectorvideoart","https:\/\/vimeo.com\/proyectorvideoart","https:\/\/www.linkedin.com\/company\/proyector\/"]}]}},"_links":{"self":[{"href":"https:\/\/proyector.info\/en\/wp-json\/wp\/v2\/movie\/24359","targetHints":{"allow":["GET"]}}],"collection":[{"href":"https:\/\/proyector.info\/en\/wp-json\/wp\/v2\/movie"}],"about":[{"href":"https:\/\/proyector.info\/en\/wp-json\/wp\/v2\/types\/movie"}],"author":[{"embeddable":true,"href":"https:\/\/proyector.info\/en\/wp-json\/wp\/v2\/users\/3"}],"wp:featuredmedia":[{"embeddable":true,"href":"https:\/\/proyector.info\/en\/wp-json\/wp\/v2\/media\/24677"}],"wp:attachment":[{"href":"https:\/\/proyector.info\/en\/wp-json\/wp\/v2\/media?parent=24359"}],"wp:term":[{"taxonomy":"movie_genre","embeddable":true,"href":"https:\/\/proyector.info\/en\/wp-json\/wp\/v2\/movie_genre?post=24359"},{"taxonomy":"movie_tag","embeddable":true,"href":"https:\/\/proyector.info\/en\/wp-json\/wp\/v2\/movie_tag?post=24359"}],"curies":[{"name":"wp","href":"https:\/\/api.w.org\/{rel}","templated":true}]}}