{"id":24248,"date":"2026-08-27T00:43:23","date_gmt":"2026-08-26T22:43:23","guid":{"rendered":"https:\/\/proyector.info\/?post_type=movie&#038;p=24248"},"modified":"2026-09-03T01:02:12","modified_gmt":"2026-09-02T23:02:12","slug":"gran-karma","status":"publish","type":"movie","link":"https:\/\/proyector.info\/en\/work\/gran-karma\/","title":{"rendered":"Gran Karma"},"content":{"rendered":"\n<p class=\"wp-block-paragraph\">Cierro los ojos y veo el inmenso cielo de Caraguat\u00e1 y la luna reflejada en el agua quieta del azud. La luz del verano filtr\u00e1ndose entre los postigos de madera y la reverberaci\u00f3n del calor a la hora de la siesta.<br><br>Recuerdo cuando juntos, vimos el cielo reflejado en 3 dimensiones en aquel lago. T\u00fa est\u00e1s muerto, yo lo recuerdo por los dos. \u00bfLos recuerdos que se pierden a donde van a parar? \u00bfSomos responsables de nuestros pensamientos, de nuestras palabras y de nuestras acciones? \u00bfC\u00f3mo artista soy responsable de las im\u00e1genes que creo?<\/p>\n\n\n\n<p class=\"wp-block-paragraph\"><em>La palabra Karma viene del s\u00e1nscrito y se entiende como una fuerza invisible y trascendente que se conforma con cada una de las acciones que realiza una persona. Esa fuerza da origen a una cadena de consecuencias y representa fundamentalmente la ley de causa y efecto<\/em><\/p>\n\n\n\n<p class=\"wp-block-paragraph\"><em>Nuestra acci\u00f3n individual y por sumatoria la colectiva, generan consecuencias para nosotros y las futuras generaciones en el plano energ\u00e9tico y f\u00edsico.<\/em><\/p>\n\n\n\n<p class=\"wp-block-paragraph\">La basura siempre me fascin\u00f3. De ni\u00f1a, la buscaba durante horas en el vertedero del campo rascando con un palo la tierra, desenterrando latas viejas, huesos quemados, botellas, clavos torcidos o cualquier objeto que me motivara a fantasear, en esas tardes eternas. Luego en un galp\u00f3n que ol\u00eda a hierro y grasa, los clavos recogidos se guardaban en un inmenso frasco para ser enderezados a golpes sobre un yunque y reutilizados. No recuerdo encontrar pl\u00e1stico en ese enterradero.<\/p>\n\n\n\n<p class=\"wp-block-paragraph\">En la huerta, la fruta podrida o picoteada por los p\u00e1jaros, se llevaba en una carretilla al corral de los cerdos. Tambi\u00e9n las achuras de los capones faenados los alimentaban.<\/p>\n\n\n\n<p class=\"wp-block-paragraph\">Los cueros de las ovejas, eran a su vez curados y utilizados como cojines para las monturas y la carne como alimento. En el campo hab\u00eda una econom\u00eda circular, que no circulaba de forma equitativa ni alcanzaba a brindar confort a todos.&nbsp;<\/p>\n\n\n\n<p class=\"wp-block-paragraph\"><em>Antes del uso industrial de los combustibles f\u00f3siles, la mayor\u00eda de las actividades humanas, depend\u00edan de la fuerza de animales y de personas. Cultivar, fabricar y transportar cosas, exig\u00edan grandes dosis de trabajo, lo que daba a esas cosas un gran valor. Nuestra limitada energ\u00eda f\u00edsica tambi\u00e9n restring\u00eda el impacto que pod\u00edamos ejercer sobre el planeta. Cierto que tambi\u00e9n se traduc\u00eda en pobreza generalizada.<\/em><\/p>\n\n\n\n<p class=\"wp-block-paragraph\"><em>Los combustibles f\u00f3siles dispararon nuestras posibilidades, y el proceso se sigue intensificando hoy. En los \u00faltimos 50 a\u00f1os, mientras la poblaci\u00f3n mundial se ha duplicado, la cantidad de material que mueve la econom\u00eda se ha triplicado y estamos alcanzando los l\u00edmites.<\/em><\/p>\n\n\n\n<p class=\"wp-block-paragraph\"><em>Recojo material que trae el mar y los transformo en pieles de depredadores casi animales, simbiosis de la naturaleza, la industria y las nuevas tecnolog\u00edas. Los cuelgo de ganchos de acero, abiertos, exhibiendo sus \u00f3rganos. Veo dientes y huelo sangre.&nbsp;<\/em><\/p>\n\n\n\n<p class=\"wp-block-paragraph\">El pl\u00e1stico ha sustituido al cuero. Eso es conveniente para algunas especies, pero no para el resto. El pl\u00e1stico de hoy es responsable de lentos exterminios.&nbsp;<\/p>\n\n\n\n<p class=\"wp-block-paragraph\">Mi trabajo consiste primero, en encontrar la basura en las orillas del pueblo donde vivo y preguntarme por sus recorridos y tiempos. Ante uno de los tantos envases met\u00e1licos de desodorante en aerosol encontrados en la playa, me pregunto qu\u00e9 econom\u00eda hace posible semejante desperdicio y qu\u00e9 pensamiento nos permite llenar de basura nuestro ecosistema sin cuestionarnos, s\u00f3lo por la ilusi\u00f3n de oler bien y atraer a otros.<em>&nbsp;<\/em><\/p>\n\n\n\n<p class=\"wp-block-paragraph\">La basura es uno de los rastros m\u00e1s fuertes de la humanidad. A trav\u00e9s de ella, se estudian las civilizaciones, su gente y econom\u00eda.&nbsp;<\/p>\n\n\n\n<p class=\"wp-block-paragraph\">Dos tercios de todos los combustibles f\u00f3siles, alimentos y dem\u00e1s recursos que tomamos de la Tierra y transformamos en productos, acaban siendo basura y casi siempre esa basura es parte de un problema medioambiental m\u00e1s amplio.<\/p>\n\n\n\n<p class=\"wp-block-paragraph\">Esta basura producto del consumo desenfrenado y que todos ayudamos a producir, conserva su atractivo intr\u00ednseco, las texturas, brillos, colores, dise\u00f1os, quedan impregnadas en las formas encontradas. Se desgastan dando lugar a formas sutiles y fr\u00e1giles, micro pl\u00e1sticos cargados de deseo.<\/p>\n\n\n\n<p class=\"wp-block-paragraph\">Entiendo el arte como herramienta de investigaci\u00f3n y generaci\u00f3n de conocimiento, para m\u00ed en primer lugar y para cualquiera que quiera conocerlo. Como una hurgadora, escarbo el concepto de la basura, buscando todos los pliegues de esa palabra y sus implicancias. Encontrar su raz\u00f3n social, porqu\u00e9 la naturalizamos tanto, qu\u00e9 significa. Cu\u00e1nta riqueza transformamos en desperdicio, c\u00f3mo se traduce esto en nuestro Karma personal y colectivo. \u00bfQu\u00e9 miserias esconde, m\u00e1s all\u00e1 de la degradaci\u00f3n que estamos ocasionando a la Tierra?<\/p>\n\n\n\n<p class=\"wp-block-paragraph\"><em>Apenas el 9 por ciento del total del material extra\u00eddo a la Tierra es recapturado por medio del reciclaje. El resto se pierde, en la tierra, la atm\u00f3sfera, en los r\u00edos, sin posibilidad de recuperarse jam\u00e1s.<\/em><\/p>\n\n\n\n<p class=\"wp-block-paragraph\">Somos artistas pobres. El arte pobre se financia como toda industria pobre, de lo que puede o de la econom\u00eda solidaria. Pensar en formas alternativas de circulaci\u00f3n del arte y del conocimiento que \u00e9ste genera. Galer\u00edas, bienales, residencias, conferencias y exposiciones como las conocemos, son discursos del poder capitalista y euro centrista, que no encajan en nuestra realidad y tampoco con nuestros valores.&nbsp;<\/p>\n\n\n\n<p class=\"wp-block-paragraph\">Y en este sistema somos capitales que nos vamos depreciando, a medida que pasan los a\u00f1os. Un artista joven vale m\u00e1s que uno adulto, un artista neoyorquino cotiza m\u00e1s que uno montevideano.<\/p>\n\n\n\n<p class=\"wp-block-paragraph\">Apostar a una econom\u00eda circular tambi\u00e9n en el arte, donde las obras se conviertan en conocimiento, en bienes reciclables a partir de la acci\u00f3n de los dem\u00e1s y sigan transform\u00e1ndose en obra. Todo arte y todo artista, es una obra colectiva.<\/p>\n\n\n\n<p class=\"wp-block-paragraph\"><em>Arte alternativo, arte solidario, arte que sepa desaparecer, dando lugar a nuevas formas, con otros.<\/em><\/p>\n\n\n\n<p class=\"wp-block-paragraph\"><\/p>\n","protected":false},"excerpt":{"rendered":"<p>Cierro los ojos y veo el inmenso cielo de Caraguat\u00e1 y la luna reflejada en el agua quieta del azud.<\/p>\n","protected":false},"author":3,"featured_media":24681,"template":"","meta":[],"movie_genre":[343],"movie_tag":[1212,772],"class_list":["post-24248","movie","type-movie","status-publish","has-post-thumbnail","hentry","movie_genre-video-es","movie_tag-2026-es","movie_tag-festival-2026"],"yoast_head":"<!-- This site is optimized with the Yoast SEO plugin v27.4 - https:\/\/yoast.com\/product\/yoast-seo-wordpress\/ -->\n<title>Gran Karma - PROYECTOR<\/title>\n<meta name=\"robots\" content=\"index, follow, max-snippet:-1, max-image-preview:large, max-video-preview:-1\" \/>\n<link rel=\"canonical\" href=\"https:\/\/proyector.info\/obra\/gran-karma\/\" \/>\n<meta property=\"og:locale\" content=\"en_US\" \/>\n<meta property=\"og:type\" content=\"article\" \/>\n<meta property=\"og:title\" content=\"Gran Karma - PROYECTOR\" \/>\n<meta property=\"og:description\" content=\"Cierro los ojos y veo el inmenso cielo de Caraguat\u00e1 y la luna reflejada en el agua quieta del azud.\" \/>\n<meta property=\"og:url\" content=\"https:\/\/proyector.info\/obra\/gran-karma\/\" \/>\n<meta property=\"og:site_name\" content=\"PROYECTOR\" \/>\n<meta property=\"article:publisher\" content=\"https:\/\/www.facebook.com\/proyectorvideoartfestival\/\" \/>\n<meta property=\"article:modified_time\" content=\"2026-09-02T23:02:12+00:00\" \/>\n<meta property=\"og:image\" content=\"https:\/\/proyector.info\/wp-content\/uploads\/2026\/08\/Adentro-hay-un-rio_Cecila-Mattos_Gran-Karma.jpg\" \/>\n\t<meta property=\"og:image:width\" content=\"2560\" \/>\n\t<meta property=\"og:image:height\" content=\"1600\" \/>\n\t<meta property=\"og:image:type\" content=\"image\/jpeg\" \/>\n<meta name=\"twitter:card\" content=\"summary_large_image\" \/>\n<meta name=\"twitter:site\" content=\"@PROYECTOR_fest\" \/>\n<meta name=\"twitter:label1\" content=\"Est. reading time\" \/>\n\t<meta name=\"twitter:data1\" content=\"5 minutes\" \/>\n<script type=\"application\/ld+json\" class=\"yoast-schema-graph\">{\"@context\":\"https:\\\/\\\/schema.org\",\"@graph\":[{\"@type\":\"WebPage\",\"@id\":\"https:\\\/\\\/proyector.info\\\/obra\\\/gran-karma\\\/\",\"url\":\"https:\\\/\\\/proyector.info\\\/obra\\\/gran-karma\\\/\",\"name\":\"Gran Karma - PROYECTOR\",\"isPartOf\":{\"@id\":\"https:\\\/\\\/proyector.info\\\/en\\\/#website\"},\"primaryImageOfPage\":{\"@id\":\"https:\\\/\\\/proyector.info\\\/obra\\\/gran-karma\\\/#primaryimage\"},\"image\":{\"@id\":\"https:\\\/\\\/proyector.info\\\/obra\\\/gran-karma\\\/#primaryimage\"},\"thumbnailUrl\":\"https:\\\/\\\/proyector.info\\\/wp-content\\\/uploads\\\/2026\\\/08\\\/Adentro-hay-un-rio_Cecila-Mattos_Gran-Karma.jpg\",\"datePublished\":\"2026-08-26T22:43:23+00:00\",\"dateModified\":\"2026-09-02T23:02:12+00:00\",\"breadcrumb\":{\"@id\":\"https:\\\/\\\/proyector.info\\\/obra\\\/gran-karma\\\/#breadcrumb\"},\"inLanguage\":\"en-US\",\"potentialAction\":[{\"@type\":\"ReadAction\",\"target\":[\"https:\\\/\\\/proyector.info\\\/obra\\\/gran-karma\\\/\"]}]},{\"@type\":\"ImageObject\",\"inLanguage\":\"en-US\",\"@id\":\"https:\\\/\\\/proyector.info\\\/obra\\\/gran-karma\\\/#primaryimage\",\"url\":\"https:\\\/\\\/proyector.info\\\/wp-content\\\/uploads\\\/2026\\\/08\\\/Adentro-hay-un-rio_Cecila-Mattos_Gran-Karma.jpg\",\"contentUrl\":\"https:\\\/\\\/proyector.info\\\/wp-content\\\/uploads\\\/2026\\\/08\\\/Adentro-hay-un-rio_Cecila-Mattos_Gran-Karma.jpg\",\"width\":2560,\"height\":1600},{\"@type\":\"BreadcrumbList\",\"@id\":\"https:\\\/\\\/proyector.info\\\/obra\\\/gran-karma\\\/#breadcrumb\",\"itemListElement\":[{\"@type\":\"ListItem\",\"position\":1,\"name\":\"Portada\",\"item\":\"https:\\\/\\\/proyector.info\\\/en\\\/\"},{\"@type\":\"ListItem\",\"position\":2,\"name\":\"Obras\",\"item\":\"https:\\\/\\\/proyector.info\\\/works\\\/\"},{\"@type\":\"ListItem\",\"position\":3,\"name\":\"Gran Karma\"}]},{\"@type\":\"WebSite\",\"@id\":\"https:\\\/\\\/proyector.info\\\/en\\\/#website\",\"url\":\"https:\\\/\\\/proyector.info\\\/en\\\/\",\"name\":\"PROYECTOR\",\"description\":\"Plataforma de Imagen en Movimiento\",\"publisher\":{\"@id\":\"https:\\\/\\\/proyector.info\\\/en\\\/#organization\"},\"potentialAction\":[{\"@type\":\"SearchAction\",\"target\":{\"@type\":\"EntryPoint\",\"urlTemplate\":\"https:\\\/\\\/proyector.info\\\/en\\\/?s={search_term_string}\"},\"query-input\":{\"@type\":\"PropertyValueSpecification\",\"valueRequired\":true,\"valueName\":\"search_term_string\"}}],\"inLanguage\":\"en-US\"},{\"@type\":\"Organization\",\"@id\":\"https:\\\/\\\/proyector.info\\\/en\\\/#organization\",\"name\":\"PROYECTOR\",\"url\":\"https:\\\/\\\/proyector.info\\\/en\\\/\",\"logo\":{\"@type\":\"ImageObject\",\"inLanguage\":\"en-US\",\"@id\":\"https:\\\/\\\/proyector.info\\\/en\\\/#\\\/schema\\\/logo\\\/image\\\/\",\"url\":\"https:\\\/\\\/proyector.info\\\/wp-content\\\/uploads\\\/2025\\\/07\\\/cropped-proyector_icono.png\",\"contentUrl\":\"https:\\\/\\\/proyector.info\\\/wp-content\\\/uploads\\\/2025\\\/07\\\/cropped-proyector_icono.png\",\"width\":512,\"height\":512,\"caption\":\"PROYECTOR\"},\"image\":{\"@id\":\"https:\\\/\\\/proyector.info\\\/en\\\/#\\\/schema\\\/logo\\\/image\\\/\"},\"sameAs\":[\"https:\\\/\\\/www.facebook.com\\\/proyectorvideoartfestival\\\/\",\"https:\\\/\\\/x.com\\\/PROYECTOR_fest\",\"https:\\\/\\\/www.instagram.com\\\/proyector_videoartplatform\\\/\",\"https:\\\/\\\/www.tiktok.com\\\/@proyector_fest\",\"https:\\\/\\\/www.youtube.com\\\/user\\\/proyectorvideoart\",\"https:\\\/\\\/vimeo.com\\\/proyectorvideoart\",\"https:\\\/\\\/www.linkedin.com\\\/company\\\/proyector\\\/\"]}]}<\/script>\n<!-- \/ Yoast SEO plugin. -->","yoast_head_json":{"title":"Gran Karma - PROYECTOR","robots":{"index":"index","follow":"follow","max-snippet":"max-snippet:-1","max-image-preview":"max-image-preview:large","max-video-preview":"max-video-preview:-1"},"canonical":"https:\/\/proyector.info\/obra\/gran-karma\/","og_locale":"en_US","og_type":"article","og_title":"Gran Karma - PROYECTOR","og_description":"Cierro los ojos y veo el inmenso cielo de Caraguat\u00e1 y la luna reflejada en el agua quieta del azud.","og_url":"https:\/\/proyector.info\/obra\/gran-karma\/","og_site_name":"PROYECTOR","article_publisher":"https:\/\/www.facebook.com\/proyectorvideoartfestival\/","article_modified_time":"2026-09-02T23:02:12+00:00","og_image":[{"width":2560,"height":1600,"url":"https:\/\/proyector.info\/wp-content\/uploads\/2026\/08\/Adentro-hay-un-rio_Cecila-Mattos_Gran-Karma.jpg","type":"image\/jpeg"}],"twitter_card":"summary_large_image","twitter_site":"@PROYECTOR_fest","twitter_misc":{"Est. reading time":"5 minutes"},"schema":{"@context":"https:\/\/schema.org","@graph":[{"@type":"WebPage","@id":"https:\/\/proyector.info\/obra\/gran-karma\/","url":"https:\/\/proyector.info\/obra\/gran-karma\/","name":"Gran Karma - PROYECTOR","isPartOf":{"@id":"https:\/\/proyector.info\/en\/#website"},"primaryImageOfPage":{"@id":"https:\/\/proyector.info\/obra\/gran-karma\/#primaryimage"},"image":{"@id":"https:\/\/proyector.info\/obra\/gran-karma\/#primaryimage"},"thumbnailUrl":"https:\/\/proyector.info\/wp-content\/uploads\/2026\/08\/Adentro-hay-un-rio_Cecila-Mattos_Gran-Karma.jpg","datePublished":"2026-08-26T22:43:23+00:00","dateModified":"2026-09-02T23:02:12+00:00","breadcrumb":{"@id":"https:\/\/proyector.info\/obra\/gran-karma\/#breadcrumb"},"inLanguage":"en-US","potentialAction":[{"@type":"ReadAction","target":["https:\/\/proyector.info\/obra\/gran-karma\/"]}]},{"@type":"ImageObject","inLanguage":"en-US","@id":"https:\/\/proyector.info\/obra\/gran-karma\/#primaryimage","url":"https:\/\/proyector.info\/wp-content\/uploads\/2026\/08\/Adentro-hay-un-rio_Cecila-Mattos_Gran-Karma.jpg","contentUrl":"https:\/\/proyector.info\/wp-content\/uploads\/2026\/08\/Adentro-hay-un-rio_Cecila-Mattos_Gran-Karma.jpg","width":2560,"height":1600},{"@type":"BreadcrumbList","@id":"https:\/\/proyector.info\/obra\/gran-karma\/#breadcrumb","itemListElement":[{"@type":"ListItem","position":1,"name":"Portada","item":"https:\/\/proyector.info\/en\/"},{"@type":"ListItem","position":2,"name":"Obras","item":"https:\/\/proyector.info\/works\/"},{"@type":"ListItem","position":3,"name":"Gran Karma"}]},{"@type":"WebSite","@id":"https:\/\/proyector.info\/en\/#website","url":"https:\/\/proyector.info\/en\/","name":"PROYECTOR","description":"Plataforma de Imagen en Movimiento","publisher":{"@id":"https:\/\/proyector.info\/en\/#organization"},"potentialAction":[{"@type":"SearchAction","target":{"@type":"EntryPoint","urlTemplate":"https:\/\/proyector.info\/en\/?s={search_term_string}"},"query-input":{"@type":"PropertyValueSpecification","valueRequired":true,"valueName":"search_term_string"}}],"inLanguage":"en-US"},{"@type":"Organization","@id":"https:\/\/proyector.info\/en\/#organization","name":"PROYECTOR","url":"https:\/\/proyector.info\/en\/","logo":{"@type":"ImageObject","inLanguage":"en-US","@id":"https:\/\/proyector.info\/en\/#\/schema\/logo\/image\/","url":"https:\/\/proyector.info\/wp-content\/uploads\/2025\/07\/cropped-proyector_icono.png","contentUrl":"https:\/\/proyector.info\/wp-content\/uploads\/2025\/07\/cropped-proyector_icono.png","width":512,"height":512,"caption":"PROYECTOR"},"image":{"@id":"https:\/\/proyector.info\/en\/#\/schema\/logo\/image\/"},"sameAs":["https:\/\/www.facebook.com\/proyectorvideoartfestival\/","https:\/\/x.com\/PROYECTOR_fest","https:\/\/www.instagram.com\/proyector_videoartplatform\/","https:\/\/www.tiktok.com\/@proyector_fest","https:\/\/www.youtube.com\/user\/proyectorvideoart","https:\/\/vimeo.com\/proyectorvideoart","https:\/\/www.linkedin.com\/company\/proyector\/"]}]}},"_links":{"self":[{"href":"https:\/\/proyector.info\/en\/wp-json\/wp\/v2\/movie\/24248","targetHints":{"allow":["GET"]}}],"collection":[{"href":"https:\/\/proyector.info\/en\/wp-json\/wp\/v2\/movie"}],"about":[{"href":"https:\/\/proyector.info\/en\/wp-json\/wp\/v2\/types\/movie"}],"author":[{"embeddable":true,"href":"https:\/\/proyector.info\/en\/wp-json\/wp\/v2\/users\/3"}],"wp:featuredmedia":[{"embeddable":true,"href":"https:\/\/proyector.info\/en\/wp-json\/wp\/v2\/media\/24681"}],"wp:attachment":[{"href":"https:\/\/proyector.info\/en\/wp-json\/wp\/v2\/media?parent=24248"}],"wp:term":[{"taxonomy":"movie_genre","embeddable":true,"href":"https:\/\/proyector.info\/en\/wp-json\/wp\/v2\/movie_genre?post=24248"},{"taxonomy":"movie_tag","embeddable":true,"href":"https:\/\/proyector.info\/en\/wp-json\/wp\/v2\/movie_tag?post=24248"}],"curies":[{"name":"wp","href":"https:\/\/api.w.org\/{rel}","templated":true}]}}